{"id":257,"date":"2017-02-26T13:49:03","date_gmt":"2017-02-26T13:49:03","guid":{"rendered":"https:\/\/legal-stone.themerex.net\/?page_id=257"},"modified":"2025-09-22T08:49:02","modified_gmt":"2025-09-22T08:49:02","slug":"home-1","status":"publish","type":"page","link":"https:\/\/lepasteur-avocats.fr\/","title":{"rendered":"Accueil"},"content":{"rendered":"<p>[vc_row][vc_column][rev_slider_vc alias=\u00a0\u00bbhome1&Prime;][vc_empty_space height=\u00a0\u00bb3em\u00a0\u00bb alter_height=\u00a0\u00bbnone\u00a0\u00bb hide_on_mobile=\u00a0\u00bb2&Prime;][vc_empty_space height=\u00a0\u00bb3em\u00a0\u00bb alter_height=\u00a0\u00bbnone\u00a0\u00bb hide_on_mobile=\u00a0\u00bb2&Prime;]<div id=\"sc_services_1196560965\" class=\"sc_services sc_services_default sc_services_featured_top\"><h3 class=\"sc_item_title sc_services_title sc_align_center sc_item_title_style_custom_image\">Nos domaines d'intervention<\/h3><div class=\"sc_services_columns sc_item_columns sc_item_columns_4 trx_addons_columns_wrap columns_padding_bottom\"><div class=\"trx_addons_column-1_4\"><div class=\"sc_services_item with_content with_icon sc_services_item_featured_top\">\r\n\t<a href=\"https:\/\/lepasteur-avocats.fr\/?cpt_services=droit-responsabilite\"\r\n\t\t\t id=\"sc_services_1196560965_icon-graduation-light\"\r\n\t\t\t class=\"sc_services_item_icon icon-graduation-light\"\r\n\t\t\t ><\/a>\t\r\n\t<div class=\"sc_services_item_info\">\r\n\t\t<div class=\"sc_services_item_header\">\r\n\t\t\t<h4 class=\"sc_services_item_title\"><a href=\"https:\/\/lepasteur-avocats.fr\/?cpt_services=droit-responsabilite\">Droit de la responsabilit\u00e9<\/a><\/h4>\r\n\t\t\t<div class=\"sc_services_item_subtitle\"><a href=\"https:\/\/lepasteur-avocats.fr\/?cpt_services_group=competences\" title=\"View all posts in Comp\u00e9tences\">Comp\u00e9tences<\/a><\/div>\r\n\t\t<\/div>\r\n\t\t\t\t\t<div class=\"sc_services_item_content\"><p>Nous vous accompagnons dans toutes les proc\u00e9dures engageant la responsabilit\u00e9 d&rsquo;une personne.<\/p>\n<\/div>\r\n                \t<\/div>\r\n<\/div>\r\n<\/div><div class=\"trx_addons_column-1_4\"><div class=\"sc_services_item with_content with_icon sc_services_item_featured_top\">\r\n\t<a href=\"https:\/\/lepasteur-avocats.fr\/?cpt_services=droit-commercial-affaires\"\r\n\t\t\t id=\"sc_services_1196560965_icon-libra\"\r\n\t\t\t class=\"sc_services_item_icon icon-libra\"\r\n\t\t\t ><\/a>\t\r\n\t<div class=\"sc_services_item_info\">\r\n\t\t<div class=\"sc_services_item_header\">\r\n\t\t\t<h4 class=\"sc_services_item_title\"><a href=\"https:\/\/lepasteur-avocats.fr\/?cpt_services=droit-commercial-affaires\">Droit commercial &#038; affaires<\/a><\/h4>\r\n\t\t\t<div class=\"sc_services_item_subtitle\"><a href=\"https:\/\/lepasteur-avocats.fr\/?cpt_services_group=competences\" title=\"View all posts in Comp\u00e9tences\">Comp\u00e9tences<\/a><\/div>\r\n\t\t<\/div>\r\n\t\t\t\t\t<div class=\"sc_services_item_content\"><p>Notre cabinet est sp\u00e9cialis\u00e9 en droit commercial, des affaires et de la concurrence.<\/p>\n<\/div>\r\n                \t<\/div>\r\n<\/div>\r\n<\/div><div class=\"trx_addons_column-1_4\"><div class=\"sc_services_item with_content with_icon sc_services_item_featured_top\">\r\n\t<a href=\"https:\/\/lepasteur-avocats.fr\/?cpt_services=droit-du-travail\"\r\n\t\t\t id=\"sc_services_1196560965_icon-portfolio\"\r\n\t\t\t class=\"sc_services_item_icon icon-portfolio\"\r\n\t\t\t ><\/a>\t\r\n\t<div class=\"sc_services_item_info\">\r\n\t\t<div class=\"sc_services_item_header\">\r\n\t\t\t<h4 class=\"sc_services_item_title\"><a href=\"https:\/\/lepasteur-avocats.fr\/?cpt_services=droit-du-travail\">Droit du travail<\/a><\/h4>\r\n\t\t\t<div class=\"sc_services_item_subtitle\"><a href=\"https:\/\/lepasteur-avocats.fr\/?cpt_services_group=competences\" title=\"View all posts in Comp\u00e9tences\">Comp\u00e9tences<\/a><\/div>\r\n\t\t<\/div>\r\n\t\t\t\t\t<div class=\"sc_services_item_content\"><p>Notre cabinet est sp\u00e9cialis\u00e9 en droit du travail.<\/p>\n<\/div>\r\n                \t<\/div>\r\n<\/div>\r\n<\/div><div class=\"trx_addons_column-1_4\"><div class=\"sc_services_item with_content with_icon sc_services_item_featured_top\">\r\n\t<a href=\"https:\/\/lepasteur-avocats.fr\/?cpt_services=droit-de-la-famille\"\r\n\t\t\t id=\"sc_services_1196560965_icon-home-alt\"\r\n\t\t\t class=\"sc_services_item_icon icon-home-alt\"\r\n\t\t\t ><\/a>\t\r\n\t<div class=\"sc_services_item_info\">\r\n\t\t<div class=\"sc_services_item_header\">\r\n\t\t\t<h4 class=\"sc_services_item_title\"><a href=\"https:\/\/lepasteur-avocats.fr\/?cpt_services=droit-de-la-famille\">Droit de la famille<\/a><\/h4>\r\n\t\t\t<div class=\"sc_services_item_subtitle\"><a href=\"https:\/\/lepasteur-avocats.fr\/?cpt_services_group=competences\" title=\"View all posts in Comp\u00e9tences\">Comp\u00e9tences<\/a><\/div>\r\n\t\t<\/div>\r\n\t\t\t\t\t<div class=\"sc_services_item_content\"><p>Garde d&rsquo;enfant, succession, filiation, \u00e9tat-civil, tutelle &#038; curatelle&#8230;<\/p>\n<\/div>\r\n                \t<\/div>\r\n<\/div>\r\n<\/div><div class=\"trx_addons_column-1_4\"><div class=\"sc_services_item with_content with_icon sc_services_item_featured_top\">\r\n\t<a href=\"https:\/\/lepasteur-avocats.fr\/?cpt_services=droit-rural\"\r\n\t\t\t id=\"sc_services_1196560965_icon-floor\"\r\n\t\t\t class=\"sc_services_item_icon icon-floor\"\r\n\t\t\t ><\/a>\t\r\n\t<div class=\"sc_services_item_info\">\r\n\t\t<div class=\"sc_services_item_header\">\r\n\t\t\t<h4 class=\"sc_services_item_title\"><a href=\"https:\/\/lepasteur-avocats.fr\/?cpt_services=droit-rural\">Droit rural<\/a><\/h4>\r\n\t\t\t<div class=\"sc_services_item_subtitle\"><a href=\"https:\/\/lepasteur-avocats.fr\/?cpt_services_group=competences\" title=\"View all posts in Comp\u00e9tences\">Comp\u00e9tences<\/a><\/div>\r\n\t\t<\/div>\r\n\t\t\t\t\t<div class=\"sc_services_item_content\"><p>Un contentieux pratiqu\u00e9 par Ma\u00eetre LE PASTEUR depuis de nombreuses ann\u00e9es.<\/p>\n<\/div>\r\n                \t<\/div>\r\n<\/div>\r\n<\/div><div class=\"trx_addons_column-1_4\"><div class=\"sc_services_item with_content with_icon sc_services_item_featured_top\">\r\n\t<a href=\"https:\/\/lepasteur-avocats.fr\/?cpt_services=encheres\"\r\n\t\t\t id=\"sc_services_1196560965_icon-gavel\"\r\n\t\t\t class=\"sc_services_item_icon icon-gavel\"\r\n\t\t\t ><\/a>\t\r\n\t<div class=\"sc_services_item_info\">\r\n\t\t<div class=\"sc_services_item_header\">\r\n\t\t\t<h4 class=\"sc_services_item_title\"><a href=\"https:\/\/lepasteur-avocats.fr\/?cpt_services=encheres\">Ench\u00e8res<\/a><\/h4>\r\n\t\t\t<div class=\"sc_services_item_subtitle\"><a href=\"https:\/\/lepasteur-avocats.fr\/?cpt_services_group=competences\" title=\"View all posts in Comp\u00e9tences\">Comp\u00e9tences<\/a><\/div>\r\n\t\t<\/div>\r\n\t\t\t\t\t<div class=\"sc_services_item_content\"><p>Nous vous repr\u00e9sentons pour porter ench\u00e8re.<\/p>\n<\/div>\r\n                \t<\/div>\r\n<\/div>\r\n<\/div><div class=\"trx_addons_column-1_4\"><div class=\"sc_services_item with_content with_icon sc_services_item_featured_top\">\r\n\t<a href=\"https:\/\/lepasteur-avocats.fr\/?cpt_services=divorces\"\r\n\t\t\t id=\"sc_services_1196560965_icon-male\"\r\n\t\t\t class=\"sc_services_item_icon icon-male\"\r\n\t\t\t ><\/a>\t\r\n\t<div class=\"sc_services_item_info\">\r\n\t\t<div class=\"sc_services_item_header\">\r\n\t\t\t<h4 class=\"sc_services_item_title\"><a href=\"https:\/\/lepasteur-avocats.fr\/?cpt_services=divorces\">Divorces<\/a><\/h4>\r\n\t\t\t<div class=\"sc_services_item_subtitle\"><a href=\"https:\/\/lepasteur-avocats.fr\/?cpt_services_group=competences\" title=\"View all posts in Comp\u00e9tences\">Comp\u00e9tences<\/a><\/div>\r\n\t\t<\/div>\r\n\t\t\t\t\t<div class=\"sc_services_item_content\"><p>Les divorces repr\u00e9sentent une part importante de nos dossiers. <\/p>\n<\/div>\r\n                \t<\/div>\r\n<\/div>\r\n<\/div><div class=\"trx_addons_column-1_4\"><div class=\"sc_services_item with_content with_icon sc_services_item_featured_top\">\r\n\t<a href=\"https:\/\/lepasteur-avocats.fr\/?cpt_services=droit-penal\"\r\n\t\t\t id=\"sc_services_1196560965_icon-museum\"\r\n\t\t\t class=\"sc_services_item_icon icon-museum\"\r\n\t\t\t ><\/a>\t\r\n\t<div class=\"sc_services_item_info\">\r\n\t\t<div class=\"sc_services_item_header\">\r\n\t\t\t<h4 class=\"sc_services_item_title\"><a href=\"https:\/\/lepasteur-avocats.fr\/?cpt_services=droit-penal\">Droit p\u00e9nal<\/a><\/h4>\r\n\t\t\t<div class=\"sc_services_item_subtitle\"><a href=\"https:\/\/lepasteur-avocats.fr\/?cpt_services_group=competences\" title=\"View all posts in Comp\u00e9tences\">Comp\u00e9tences<\/a><\/div>\r\n\t\t<\/div>\r\n\t\t\t\t\t<div class=\"sc_services_item_content\"><p>Devant le Tribunal correctionnel, la Cour criminelle ou d&rsquo;assises. Garde \u00e0 vue et CRPC.<\/p>\n<\/div>\r\n                \t<\/div>\r\n<\/div>\r\n<\/div><\/div><\/div><!-- \/.sc_services -->[vc_empty_space height=\u00a0\u00bb3em\u00a0\u00bb alter_height=\u00a0\u00bbnone\u00a0\u00bb hide_on_mobile=\u00a0\u00bb2&Prime;][\/vc_column][\/vc_row][vc_row full_width=\u00a0\u00bbstretch_row_content_no_spaces\u00a0\u00bb][vc_column]<div class=\"sc_layouts sc_layouts_default sc_layouts_536\">[vc_row full_width=\"stretch_row_content_no_spaces\" equal_height=\"yes\"][vc_column width=\"1\/2\" icons_position=\"left\" css=\".vc_custom_1640007315054{background-image: url(http:\/\/lepasteur-avocats.fr\/wp-content\/uploads\/2021\/12\/tribunal.jpg?id=968) !important;background-position: center !important;background-repeat: no-repeat !important;background-size: cover !important;}\"][vc_empty_space height=\"20em\" alter_height=\"none\" hide_on_mobile=\"\"][\/vc_column][vc_column width=\"1\/2\" icons_position=\"left\" css=\".vc_custom_1491313514421{background-color: #353d4d !important;}\"][vc_empty_space height=\"2em\" alter_height=\"huge\" hide_on_mobile=\"1\"][vc_empty_space height=\"3em\" alter_height=\"none\" hide_on_mobile=\"\"][vc_empty_space height=\"2.3em\" alter_height=\"none\" hide_on_mobile=\"1\"]<div id=\"sc_content_22350792\"\r\n\t\tclass=\"scheme_dark sc_content sc_content_default sc_float_center sc_margin_medium\"><div class=\"sc_content_container\"><div class=\"sc_layouts_item\"><div id=\"sc_title_1085818721\"\r\n\t\tclass=\"sc_title sc_title_custom_image\"><h2 class=\"sc_item_title sc_title_title sc_align_left sc_item_title_style_custom_image sc_item_title_tag\">Dur\u00e9e moyenne d'une proc\u00e9dure (en mois)<\/h2><div class=\"sc_item_descr sc_title_descr sc_align_left\"><p>Parce que le parcours judiciaire est une \u00e9preuve longue et \u00e9prouvante, nous sommes l\u00e0 pour vous accompagner tout au long de ces \u00e9tapes.<\/p>\n<\/div><\/div><!-- \/.sc_title --><\/div><\/div><\/div><!-- \/.sc_content --><div id=\"sc_content_2072099523\"\r\n\t\tclass=\"scheme_dark sc_content sc_content_default sc_float_center sc_align_left sc_margin_medium\"><div class=\"sc_content_container\"><div class=\"sc_layouts_item\"><div id=\"sc_skills_363025398\"\r\n\t\tclass=\"sc_skills sc_skills_counter\"\r\n\t\t\t\tdata-type=\"counter\"\r\n\t\t><div class=\"sc_skills_columns sc_item_columns trx_addons_columns_wrap columns_padding_bottom\"><div class=\"sc_skills_column trx_addons_column-1_3\"><div class=\"sc_skills_item_wrap\"><div class=\"sc_skills_item\"><div class=\"sc_skills_icon Array\"><\/div><div class=\"sc_skills_total\" data-start=\"0\" data-stop=\"33.7\" data-step=\"90\" data-max=\"9000\" data-speed=\"40\" data-duration=\"15\" data-ed=\"\">0<\/div><\/div><div class=\"sc_skills_item_title\">Divorce<\/div><\/div><\/div><div class=\"sc_skills_column trx_addons_column-1_3\"><div class=\"sc_skills_item_wrap\"><div class=\"sc_skills_item\"><div class=\"sc_skills_icon Array\"><\/div><div class=\"sc_skills_total\" data-start=\"0\" data-stop=\"11.1\" data-step=\"90\" data-max=\"9000\" data-speed=\"34\" data-duration=\"4\" data-ed=\"\">0<\/div><\/div><div class=\"sc_skills_item_title\">Prud&#039;hommes<\/div><\/div><\/div><div class=\"sc_skills_column trx_addons_column-1_3\"><div class=\"sc_skills_item_wrap\"><div class=\"sc_skills_item\"><div class=\"sc_skills_icon Array\"><\/div><div class=\"sc_skills_total\" data-start=\"0\" data-stop=\"10.4\" data-step=\"90\" data-max=\"9000\" data-speed=\"19\" data-duration=\"2\" data-ed=\"\">0<\/div><\/div><div class=\"sc_skills_item_title\">Cour d&#039;appel<\/div><\/div><\/div><\/div><\/div><\/div>[vc_empty_space height=\"1.7em\" alter_height=\"none\" hide_on_mobile=\"\"][vc_column_text](Source : <a href=\"https:\/\/www.justice.gouv.fr\/sites\/default\/files\/2024-11\/Chiffres%20Cle%CC%81s%202024%20V3.pdf\" target=\"_blank\" rel=\"noopener\">Les chiffres-cl\u00e9s de la Justice 2024<\/a>)[\/vc_column_text]<\/div><\/div><!-- \/.sc_content -->[vc_empty_space height=\"3em\" alter_height=\"none\" hide_on_mobile=\"\"][vc_empty_space height=\"2.7em\" alter_height=\"none\" hide_on_mobile=\"1\"][\/vc_column][\/vc_row]<\/div>[\/vc_column][\/vc_row][vc_row][vc_column][vc_empty_space height=\u00a0\u00bb3em\u00a0\u00bb alter_height=\u00a0\u00bbnone\u00a0\u00bb hide_on_mobile=\u00a0\u00bb\u00a0\u00bb][vc_empty_space height=\u00a0\u00bb1.3em\u00a0\u00bb alter_height=\u00a0\u00bbnone\u00a0\u00bb hide_on_mobile=\u00a0\u00bb\u00a0\u00bb][vc_empty_space height=\u00a0\u00bb1.1em\u00a0\u00bb alter_height=\u00a0\u00bblarge\u00a0\u00bb hide_on_mobile=\u00a0\u00bb1&Prime;][\/vc_column][\/vc_row][vc_row][vc_column]<div class=\"sc_team sc_team_default\"><h1 class=\"sc_item_title sc_team_title sc_align_center sc_item_title_style_custom_image sc_item_title_tag\">Les avocats<\/h1><div class=\"sc_item_descr sc_team_descr sc_align_center\"><p>Nous d\u00e9fendons nos clients avec dignit\u00e9, conscience, ind\u00e9pendance, honn\u00eatet\u00e9 et humanit\u00e9, conform\u00e9ment \u00e0 la loi et \u00e0 la d\u00e9ontologie de l'avocat.<\/p>\n<\/div><div class=\"sc_team_columns sc_item_columns trx_addons_columns_wrap columns_padding_bottom\"><div class=\"trx_addons_column-1_2\"><div class=\"sc_team_item\">\r\n\t<div class=\"post_featured with_thumb hover_dots sc_team_item_thumb trx_addons_column-1_2\"><img decoding=\"async\" src=\"https:\/\/lepasteur-avocats.fr\/wp-content\/themes\/legal-stone\/images\/no-image.jpg\" alt=\"Enora GONTIER\"><div class=\"mask\"><\/div><a href=\"https:\/\/lepasteur-avocats.fr\/?cpt_team=enora-gontier\" aria-hidden=\"true\" class=\"icons\"><span><\/span><span><\/span><span><\/span><\/a><\/div>\t<div class=\"sc_team_item_info trx_addons_column-1_2\">\r\n        <div class=\"sc_team_item_info_inner\">\r\n\r\n            <div class=\"sc_team_item_header\">\r\n                <h4 class=\"sc_team_item_title\"><a href=\"https:\/\/lepasteur-avocats.fr\/?cpt_team=enora-gontier\">Enora GONTIER<\/a><\/h4>\r\n                <div class=\"sc_team_item_subtitle\">Barreau d'Argentan<\/div>\r\n            <\/div>\r\n            <div class=\"sc_team_item_content\"><p>Avocate g\u00e9n\u00e9raliste.<br \/>\nPrestation de serment en 2025.<\/p>\n<\/div>\r\n            <div class=\"sc_team_item_socials socials_wrap\"><a target=\"_blank\" href=\"mailto:contact@lepasteur-avocats.fr\" class=\"social_item social_item_style_icons social_item_type_icons\"><span class=\"social_icon social_mail\"><span class=\"icon-mail\"><\/span><\/span><\/a><a target=\"_blank\" href=\"http:\/\/lepasteur-avocats.fr\/?page_id=164\" class=\"social_item social_item_style_icons social_item_type_icons\"><span class=\"social_icon social_phone\"><span class=\"icon-phone\"><\/span><\/span><\/a><\/div>            <div class=\"sc_team_item_button\"><a href=\"https:\/\/lepasteur-avocats.fr\/?cpt_team=enora-gontier\" class=\"sc_button sc_button_simple\">Learn more<\/a><\/div>\r\n        <\/div>\r\n\t<\/div>\r\n<\/div>\r\n<\/div><div class=\"trx_addons_column-1_2\"><div class=\"sc_team_item\">\r\n\t<div class=\"post_featured with_thumb hover_dots sc_team_item_thumb trx_addons_column-1_2\"><img loading=\"lazy\" decoding=\"async\" width=\"450\" height=\"500\" src=\"https:\/\/lepasteur-avocats.fr\/wp-content\/uploads\/2017\/02\/IMG_9091-1-450x500.jpg\" class=\"attachment-legal_stone-thumb-avatar size-legal_stone-thumb-avatar wp-post-image\" alt=\"Domique LE PASTEUR\" \/><div class=\"mask\"><\/div><a href=\"https:\/\/lepasteur-avocats.fr\/?cpt_team=domique-le-pasteur\" aria-hidden=\"true\" class=\"icons\"><span><\/span><span><\/span><span><\/span><\/a><\/div>\t<div class=\"sc_team_item_info trx_addons_column-1_2\">\r\n        <div class=\"sc_team_item_info_inner\">\r\n\r\n            <div class=\"sc_team_item_header\">\r\n                <h4 class=\"sc_team_item_title\"><a href=\"https:\/\/lepasteur-avocats.fr\/?cpt_team=domique-le-pasteur\">Domique LE PASTEUR<\/a><\/h4>\r\n                <div class=\"sc_team_item_subtitle\">Barreau d'Argentan<\/div>\r\n            <\/div>\r\n            <div class=\"sc_team_item_content\"><p>Prestation de serment en 1978.<br \/>\nAvocat sp\u00e9cialiste en droit du travail, droit commercial, des affaires et de la concurrence.<\/p>\n<\/div>\r\n            <div class=\"sc_team_item_socials socials_wrap\"><a target=\"_blank\" href=\"mailto:contact@lepasteur-avocats.fr\" class=\"social_item social_item_style_icons social_item_type_icons\"><span class=\"social_icon social_mail\"><span class=\"icon-mail\"><\/span><\/span><\/a><a target=\"_blank\" href=\"http:\/\/lepasteur-avocats.fr\/?page_id=164\" class=\"social_item social_item_style_icons social_item_type_icons\"><span class=\"social_icon social_phone\"><span class=\"icon-phone\"><\/span><\/span><\/a><\/div>            <div class=\"sc_team_item_button\"><a href=\"https:\/\/lepasteur-avocats.fr\/?cpt_team=domique-le-pasteur\" class=\"sc_button sc_button_simple\">Learn more<\/a><\/div>\r\n        <\/div>\r\n\t<\/div>\r\n<\/div>\r\n<\/div><\/div><a href=\"http:\/\/lepasteur-avocats.fr\/?page_id=176\" id=\"sc_button_1055293654\" class=\"sc_button sc_button_default sc_button_size_normal sc_button_icon_left\"><span class=\"sc_button_text\"><span class=\"sc_button_title\">Voir l&#039;\u00e9quipe<\/span><\/span><!-- \/.sc_button_text --><\/a><!-- \/.sc_button --><\/div><!-- \/.sc_team -->[\/vc_column][\/vc_row][vc_row][vc_column][vc_empty_space height=\u00a0\u00bb3em\u00a0\u00bb alter_height=\u00a0\u00bbnone\u00a0\u00bb hide_on_mobile=\u00a0\u00bb\u00a0\u00bb]<div id=\"sc_title_1336464298\"\r\n\t\tclass=\"sc_title sc_title_custom_image\"><h1 class=\"sc_item_title sc_title_title sc_align_center sc_item_title_style_custom_image sc_item_title_tag\">Des honoraires ma\u00eetris\u00e9s<\/h1><div class=\"sc_item_descr sc_title_descr sc_align_center\"><p>Nous mettons tout en \u0153uvre pour vous assurer une parfaite ma\u00eetrise des frais et honoraires que vous devrez engager dans le cadre de la proc\u00e9dure.<\/p>\n<\/div><\/div><!-- \/.sc_title -->[vc_empty_space height=\u00a0\u00bb2.3em\u00a0\u00bb alter_height=\u00a0\u00bbnone\u00a0\u00bb hide_on_mobile=\u00a0\u00bb\u00a0\u00bb]<div id=\"sc_services_1593283638\" class=\"sc_services sc_services_light sc_services_featured_top\"><div class=\"sc_services_columns sc_item_columns sc_item_columns_3 trx_addons_columns_wrap columns_padding_bottom\"><div class=\"trx_addons_column-1_3\"><div class=\"sc_services_item with_content with_image sc_services_item_featured_top\">\r\n\t<div class=\"post_featured with_thumb hover_dots sc_services_item_thumb\"><img loading=\"lazy\" decoding=\"async\" width=\"370\" height=\"270\" src=\"https:\/\/lepasteur-avocats.fr\/wp-content\/uploads\/2017\/02\/post-10-370x270.jpg\" class=\"attachment-legal_stone-thumb-med size-legal_stone-thumb-med wp-post-image\" alt=\"Le 1er rendez-vous\" \/><div class=\"mask\"><\/div><a href=\"https:\/\/lepasteur-avocats.fr\/?cpt_services=premier_rendez_vous\" aria-hidden=\"true\" class=\"icons\"><span><\/span><span><\/span><span><\/span><\/a><\/div>\t\r\n\t<div class=\"sc_services_item_info\">\r\n        <span class=\"sc_services_item_number\">01<\/span>\r\n\t\t<div class=\"sc_services_item_header\">\r\n\t\t\t\t\t\t<h3 class=\"sc_services_item_title\"><a href=\"https:\/\/lepasteur-avocats.fr\/?cpt_services=premier_rendez_vous\">Le 1er rendez-vous<\/a><\/h3>\r\n\r\n\t\t<\/div>\r\n\t\t\t\t\t<div class=\"sc_services_item_content\"><p>La question des honoraires et frais est abord\u00e9e d\u00e8s le premier rendez-vous et concr\u00e9tis\u00e9e par une convention d\u2019honoraires, soumise d\u00e8s le d\u00e9but de la proc\u00e9dure.<\/p>\n<\/div>\r\n\t\t\t<div class=\"sc_services_item_button sc_item_button\"><a href=\"https:\/\/lepasteur-avocats.fr\/?cpt_services=premier_rendez_vous\" class=\"sc_button sc_button_simple\">Read more<\/a><\/div>\r\n\t\t\t<\/div>\r\n<\/div>\r\n<\/div><div class=\"trx_addons_column-1_3\"><div class=\"sc_services_item with_content with_image sc_services_item_featured_top\">\r\n\t<div class=\"post_featured with_thumb hover_dots sc_services_item_thumb\"><img loading=\"lazy\" decoding=\"async\" width=\"370\" height=\"270\" src=\"https:\/\/lepasteur-avocats.fr\/wp-content\/uploads\/2017\/02\/post-1-370x270.jpg\" class=\"attachment-legal_stone-thumb-med size-legal_stone-thumb-med wp-post-image\" alt=\"La convention d&rsquo;honoraires\" \/><div class=\"mask\"><\/div><a href=\"https:\/\/lepasteur-avocats.fr\/?cpt_services=convention_d_honoraires\" aria-hidden=\"true\" class=\"icons\"><span><\/span><span><\/span><span><\/span><\/a><\/div>\t\r\n\t<div class=\"sc_services_item_info\">\r\n        <span class=\"sc_services_item_number\">02<\/span>\r\n\t\t<div class=\"sc_services_item_header\">\r\n\t\t\t\t\t\t<h3 class=\"sc_services_item_title\"><a href=\"https:\/\/lepasteur-avocats.fr\/?cpt_services=convention_d_honoraires\">La convention d&rsquo;honoraires<\/a><\/h3>\r\n\r\n\t\t<\/div>\r\n\t\t\t\t\t<div class=\"sc_services_item_content\"><p>Elle comprend un forfait de base et expose l&rsquo;ensemble des frais pr\u00e9visibles. Elle peut faire l&rsquo;objet d&rsquo;un \u00e9ch\u00e9ancier et doit \u00eatre retourn\u00e9e sign\u00e9e, accompagn\u00e9e d&rsquo;un 1er r\u00e8glement.<\/p>\n<\/div>\r\n\t\t\t<div class=\"sc_services_item_button sc_item_button\"><a href=\"https:\/\/lepasteur-avocats.fr\/?cpt_services=convention_d_honoraires\" class=\"sc_button sc_button_simple\">Read more<\/a><\/div>\r\n\t\t\t<\/div>\r\n<\/div>\r\n<\/div><div class=\"trx_addons_column-1_3\"><div class=\"sc_services_item with_content with_image sc_services_item_featured_top\">\r\n\t<div class=\"post_featured with_thumb hover_dots sc_services_item_thumb\"><img loading=\"lazy\" decoding=\"async\" width=\"370\" height=\"270\" src=\"https:\/\/lepasteur-avocats.fr\/wp-content\/uploads\/2017\/02\/post-15-370x270.jpg\" class=\"attachment-legal_stone-thumb-med size-legal_stone-thumb-med wp-post-image\" alt=\"Pendant la proc\u00e9dure\" \/><div class=\"mask\"><\/div><a href=\"https:\/\/lepasteur-avocats.fr\/?cpt_services=judical-process\" aria-hidden=\"true\" class=\"icons\"><span><\/span><span><\/span><span><\/span><\/a><\/div>\t\r\n\t<div class=\"sc_services_item_info\">\r\n        <span class=\"sc_services_item_number\">03<\/span>\r\n\t\t<div class=\"sc_services_item_header\">\r\n\t\t\t\t\t\t<h3 class=\"sc_services_item_title\"><a href=\"https:\/\/lepasteur-avocats.fr\/?cpt_services=judical-process\">Pendant la proc\u00e9dure<\/a><\/h3>\r\n\r\n\t\t<\/div>\r\n\t\t\t\t\t<div class=\"sc_services_item_content\"><p>Certaines proc\u00e9dures n\u00e9cessitent des actes non pr\u00e9vus dans la convention d&rsquo;honoraires qui font alors l&rsquo;objet d&rsquo;une facturation s\u00e9par\u00e9e. Le client en est toujours inform\u00e9.<\/p>\n<\/div>\r\n\t\t\t<div class=\"sc_services_item_button sc_item_button\"><a href=\"https:\/\/lepasteur-avocats.fr\/?cpt_services=judical-process\" class=\"sc_button sc_button_simple\">Read more<\/a><\/div>\r\n\t\t\t<\/div>\r\n<\/div>\r\n<\/div><\/div><\/div><!-- \/.sc_services -->[vc_empty_space height=\u00a0\u00bb3em\u00a0\u00bb alter_height=\u00a0\u00bbnone\u00a0\u00bb hide_on_mobile=\u00a0\u00bb\u00a0\u00bb][\/vc_column][\/vc_row][vc_row full_width=\u00a0\u00bbstretch_row_content_no_spaces\u00a0\u00bb][vc_column]<div id=\"sc_services_1032708748\" class=\"sc_services sc_services_iconed sc_services_featured_top\"><div class=\"sc_services_columns sc_item_columns sc_item_columns_2 trx_addons_columns_wrap columns_padding_bottom\"><div class=\"trx_addons_column-1_2 \"><div class=\"sc_services_item with_content with_icon sc_services_item_featured_top\">\r\n\t<div class=\"sc_services_item_header\">\r\n\t\t\t<\/div>\r\n\t\t\t<div class=\"sc_services_item_content\">\r\n\r\n            <a href=\"https:\/\/lepasteur-avocats.fr\/?cpt_services=general-practice\"\r\n                 id=\"sc_services_1032708748_icon-books\"\r\n                 class=\"sc_services_item_icon icon-books\"\r\n                ><\/a>\r\n\t\t\t<h3 class=\"sc_services_item_title\"><a href=\"https:\/\/lepasteur-avocats.fr\/?cpt_services=general-practice\">La protection juridique<\/a><\/h3>\r\n\t\t\t<div class=\"sc_services_item_subtitle\"><a href=\"https:\/\/lepasteur-avocats.fr\/?cpt_services_group=ajpj\" title=\"View all posts in AJ &amp; PJ\">AJ &amp; PJ<\/a><\/div>\r\n\t\t\t<div class=\"sc_services_item_text\"><p>Lorsque le client b\u00e9n\u00e9ficie d\u2019une protection juridique via un contrat d\u2019assurance, les honoraires du cabinet peuvent \u00eatre, int\u00e9gralement ou partiellement, pris en charge par la compagnie d\u2019assurance.<\/p>\n                                    <span class=\"sc_services_dot\"><\/span>\r\n                    <span class=\"sc_services_dot\"><\/span>\r\n                    <span class=\"sc_services_dot\"><\/span>\r\n\r\n                \r\n\r\n            <\/div>\r\n\r\n\t\t\t<div class=\"sc_services_item_button sc_item_button\"><a href=\"https:\/\/lepasteur-avocats.fr\/?cpt_services=general-practice\" class=\"sc_button sc_button_simple\">Learn more<\/a><\/div>\r\n\r\n\t\t<\/div>\r\n\t<\/div>\r\n<\/div><div class=\"trx_addons_column-1_2 \"><div class=\"sc_services_item with_content with_image with_icon sc_services_item_featured_top\">\r\n\t<div class=\"sc_services_item_header\" style=\"background-image: url(https:\/\/lepasteur-avocats.fr\/wp-content\/uploads\/2017\/02\/aide_juridictionnelle-370x0.jpg);\">\r\n\t\t\t<\/div>\r\n\t\t\t<div class=\"sc_services_item_content\">\r\n\r\n            <a href=\"https:\/\/lepasteur-avocats.fr\/?cpt_services=aide_juridictionnelle\"\r\n                 id=\"sc_services_1032708748_icon-clipboard\"\r\n                 class=\"sc_services_item_icon icon-clipboard\"\r\n                ><\/a>\r\n\t\t\t<h3 class=\"sc_services_item_title\"><a href=\"https:\/\/lepasteur-avocats.fr\/?cpt_services=aide_juridictionnelle\">L&rsquo;aide juridictionnelle<\/a><\/h3>\r\n\t\t\t<div class=\"sc_services_item_subtitle\"><a href=\"https:\/\/lepasteur-avocats.fr\/?cpt_services_group=ajpj\" title=\"View all posts in AJ &amp; PJ\">AJ &amp; PJ<\/a><\/div>\r\n\t\t\t<div class=\"sc_services_item_text\"><p>L&rsquo;aide juridictionnelle est la prise en charge par l\u2019\u00c9tat des frais li\u00e9s \u00e0 une proc\u00e9dure judiciaire, en fonction de vos revenus et de votre patrimoine.<\/p>\n                                    <span class=\"sc_services_dot\"><\/span>\r\n                    <span class=\"sc_services_dot\"><\/span>\r\n                    <span class=\"sc_services_dot\"><\/span>\r\n\r\n                \r\n\r\n            <\/div>\r\n\r\n\t\t\t<div class=\"sc_services_item_button sc_item_button\"><a href=\"https:\/\/lepasteur-avocats.fr\/?cpt_services=aide_juridictionnelle\" class=\"sc_button sc_button_simple\">Learn more<\/a><\/div>\r\n\r\n\t\t<\/div>\r\n\t<\/div>\r\n<\/div><\/div><\/div><!-- \/.sc_services -->[\/vc_column][\/vc_row][vc_row full_width=\u00a0\u00bbstretch_row\u00a0\u00bb css=\u00a0\u00bb.vc_custom_1488115360099{background-color: #fafafa !important;}\u00a0\u00bb][vc_column][vc_empty_space height=\u00a0\u00bb1.1em\u00a0\u00bb alter_height=\u00a0\u00bblarge\u00a0\u00bb hide_on_mobile=\u00a0\u00bb1&Prime;][vc_empty_space height=\u00a0\u00bb1.1em\u00a0\u00bb alter_height=\u00a0\u00bbnone\u00a0\u00bb hide_on_mobile=\u00a0\u00bb1&Prime;][vc_empty_space height=\u00a0\u00bb3em\u00a0\u00bb alter_height=\u00a0\u00bbnone\u00a0\u00bb hide_on_mobile=\u00a0\u00bb\u00a0\u00bb]<div class=\"sc_blogger sc_blogger_classic\"><h1 class=\"sc_item_title sc_blogger_title sc_align_center sc_item_title_style_custom_image sc_item_title_tag\">Le cabinet dans la presse<\/h1><div class=\"sc_item_descr sc_blogger_descr sc_align_center\"><p>Le crime commis, la justice s'en empare, et la presse aussi... Certaines affaires judiciaires peuvent \u00eatre m\u00e9diatis\u00e9es, souvent en raison de la gravit\u00e9 des faits.<\/p>\n<\/div><div class=\"sc_blogger_columns sc_item_columns trx_addons_columns_wrap columns_padding_bottom\"><div class=\"trx_addons_column-1_3\"><div id=\"post-73\"\tclass=\"sc_blogger_item post_format_standard post-73 post type-post status-publish format-standard has-post-thumbnail hentry category-assises\"><div class=\"post_featured with_thumb hover_dots sc_blogger_item_featured\"><img loading=\"lazy\" decoding=\"async\" width=\"370\" height=\"270\" src=\"https:\/\/lepasteur-avocats.fr\/wp-content\/uploads\/2017\/02\/avocat_assises-370x270.jpg\" class=\"attachment-legal_stone-thumb-med size-legal_stone-thumb-med wp-post-image\" alt=\"Assises de l\u2019Orne. T\u00e9moins de l\u2019agression de leurs parents : \u00ab leur enfance est bousill\u00e9e \u00bb\" \/><div class=\"mask\"><\/div><a href=\"https:\/\/lepasteur-avocats.fr\/?p=73\" aria-hidden=\"true\" class=\"icons\"><span><\/span><span><\/span><span><\/span><\/a><\/div><div class=\"sc_blogger_item_content entry-content\"><div class=\"sc_blogger_item_header entry-header\">                <div class=\"post_meta_item post_date_item_date_all\">\n                    <span class=\"post_meta_item post_date_item_day\">14<\/span>\n                    <span class=\"post_meta_item post_date_item_month\">octobre<\/span>\n                <\/div>\n            <div class=\"post_meta\">\t\t\t\t\t<span class=\"post_meta_item post_categories\"><a href=\"https:\/\/lepasteur-avocats.fr\/?cat=31\" rel=\"category\">Assises<\/a><\/span>\n\t\t\t\t\t\t\t\t\t\t<a class=\"post_meta_item post_author\" rel=\"author\" href=\"https:\/\/lepasteur-avocats.fr\/?author=1\">\n                        <span class=\"by\">By <\/span>\n\t\t\t\t\t\tLE PASTEUR Avocats\t\t\t\t\t<\/a>\n\t\t\t\t\t <a href=\"https:\/\/lepasteur-avocats.fr\/?p=73#respond\" class=\"post_meta_item post_counters_item post_counters_comments trx_addons_icon-comment\"><span class=\"post_counters_number\">0<\/span><\/a> <\/div><!-- .post_meta --><h5 class=\"sc_blogger_item_title entry-title\"><a href=\"https:\/\/lepasteur-avocats.fr\/?p=73\" rel=\"bookmark\">Assises de l\u2019Orne. T\u00e9moins de l\u2019agression de leurs parents : \u00ab leur enfance est bousill\u00e9e \u00bb<\/a><\/h5><\/div><!-- .entry-header --><div class=\"sc_blogger_item_excerpt\">\n\t\t\t\t<div class=\"sc_blogger_item_excerpt_text\">\n\t\t\t\t\t<p>Ce mardi 12\u00a0octobre, la cour d\u2019assises de l\u2019Orne a \u00e9tudi\u00e9 les cons\u00e9quences de la double agression au couteau, qui a eu lieu au plan d\u2019eau d\u2019Argentan le 17\u00a0juillet 2019, sur les quatre enfants. Tous \u00e9taient pr\u00e9sents au moment de l\u2019attaque de leurs parents.<\/p>\n\t\t\t\t<\/div>\n\t\t\t\t<div class=\"sc_blogger_item_button sc_item_button\"><a href=\"https:\/\/lepasteur-avocats.fr\/?p=73\" class=\"sc_button sc_button_simple\">Read more<\/a><\/div><\/div><!-- .sc_blogger_item_excerpt --><\/div><!-- .entry-content --><\/div><!-- .sc_blogger_item --><\/div><div class=\"trx_addons_column-1_3\"><div id=\"post-76\"\tclass=\"sc_blogger_item post_format_video post-76 post type-post status-publish format-video has-post-thumbnail hentry category-assises post_format-post-format-video\"><div class=\"post_featured with_thumb hover_play sc_blogger_item_featured\"><img loading=\"lazy\" decoding=\"async\" width=\"370\" height=\"270\" src=\"https:\/\/lepasteur-avocats.fr\/wp-content\/uploads\/2017\/02\/avocats_assises-370x270.jpg\" class=\"attachment-legal_stone-thumb-med size-legal_stone-thumb-med wp-post-image\" alt=\"Assises \u00e0 Caen. Il rend son demi-fr\u00e8re infirme, il est acquitt\u00e9\" \/><div class=\"mask\"><\/div><\/div><div class=\"sc_blogger_item_content entry-content\"><div class=\"sc_blogger_item_header entry-header\">                <div class=\"post_meta_item post_date_item_date_all\">\n                    <span class=\"post_meta_item post_date_item_day\">27<\/span>\n                    <span class=\"post_meta_item post_date_item_month\">juin<\/span>\n                <\/div>\n            <div class=\"post_meta\">\t\t\t\t\t<span class=\"post_meta_item post_categories\"><a href=\"https:\/\/lepasteur-avocats.fr\/?cat=31\" rel=\"category\">Assises<\/a><\/span>\n\t\t\t\t\t\t\t\t\t\t<a class=\"post_meta_item post_author\" rel=\"author\" href=\"https:\/\/lepasteur-avocats.fr\/?author=1\">\n                        <span class=\"by\">By <\/span>\n\t\t\t\t\t\tLE PASTEUR Avocats\t\t\t\t\t<\/a>\n\t\t\t\t\t <a href=\"https:\/\/lepasteur-avocats.fr\/?p=76#respond\" class=\"post_meta_item post_counters_item post_counters_comments trx_addons_icon-comment\"><span class=\"post_counters_number\">0<\/span><\/a> <\/div><!-- .post_meta --><h5 class=\"sc_blogger_item_title entry-title\"><a href=\"https:\/\/lepasteur-avocats.fr\/?p=76\" rel=\"bookmark\">Assises \u00e0 Caen. Il rend son demi-fr\u00e8re infirme, il est acquitt\u00e9<\/a><\/h5><\/div><!-- .entry-header --><div class=\"sc_blogger_item_excerpt\">\n\t\t\t\t<div class=\"sc_blogger_item_excerpt_text\">\n\t\t\t\t\t<p>Cet homme de 24 ans a \u00e9t\u00e9 jug\u00e9 durant trois jours devant les Assises du Calvados, \u00e0 Caen pour avoir ass\u00e9n\u00e9 trois coups de couteau \u00e0 son demi-fr\u00e8re par alliance en juillet 2015, pr\u00e8s de Falaise. La cour a estim\u00e9 que l\u2019accus\u00e9 avait agi ainsi par l\u00e9gitime d\u00e9fense ce mardi 26 juin 2018.<\/p>\n\t\t\t\t<\/div>\n\t\t\t\t<div class=\"sc_blogger_item_button sc_item_button\"><a href=\"https:\/\/lepasteur-avocats.fr\/?p=76\" class=\"sc_button sc_button_simple\">Read more<\/a><\/div><\/div><!-- .sc_blogger_item_excerpt --><\/div><!-- .entry-content --><\/div><!-- .sc_blogger_item --><\/div><div class=\"trx_addons_column-1_3\"><div id=\"post-79\"\tclass=\"sc_blogger_item post_format_standard post-79 post type-post status-publish format-standard has-post-thumbnail hentry category-uncategorized\"><div class=\"post_featured with_thumb hover_dots sc_blogger_item_featured\"><img loading=\"lazy\" decoding=\"async\" width=\"370\" height=\"270\" src=\"https:\/\/lepasteur-avocats.fr\/wp-content\/uploads\/2017\/02\/tribunal_argentan-370x270.jpg\" class=\"attachment-legal_stone-thumb-med size-legal_stone-thumb-med wp-post-image\" alt=\"Amcor flexibles condamn\u00e9e \u00e0 payer les repr\u00e9sentants du personnel, \u00e0 Argentan\" \/><div class=\"mask\"><\/div><a href=\"https:\/\/lepasteur-avocats.fr\/?p=79\" aria-hidden=\"true\" class=\"icons\"><span><\/span><span><\/span><span><\/span><\/a><\/div><div class=\"sc_blogger_item_content entry-content\"><div class=\"sc_blogger_item_header entry-header\">                <div class=\"post_meta_item post_date_item_date_all\">\n                    <span class=\"post_meta_item post_date_item_day\">08<\/span>\n                    <span class=\"post_meta_item post_date_item_month\">avril<\/span>\n                <\/div>\n            <div class=\"post_meta\">\t\t\t\t\t<span class=\"post_meta_item post_categories\"><a href=\"https:\/\/lepasteur-avocats.fr\/?cat=1\" rel=\"category\">Uncategorized<\/a><\/span>\n\t\t\t\t\t\t\t\t\t\t<a class=\"post_meta_item post_author\" rel=\"author\" href=\"https:\/\/lepasteur-avocats.fr\/?author=1\">\n                        <span class=\"by\">By <\/span>\n\t\t\t\t\t\tLE PASTEUR Avocats\t\t\t\t\t<\/a>\n\t\t\t\t\t <a href=\"https:\/\/lepasteur-avocats.fr\/?p=79#respond\" class=\"post_meta_item post_counters_item post_counters_comments trx_addons_icon-comment\"><span class=\"post_counters_number\">0<\/span><\/a> <\/div><!-- .post_meta --><h5 class=\"sc_blogger_item_title entry-title\"><a href=\"https:\/\/lepasteur-avocats.fr\/?p=79\" rel=\"bookmark\">Amcor flexibles condamn\u00e9e \u00e0 payer les repr\u00e9sentants du personnel, \u00e0 Argentan<\/a><\/h5><\/div><!-- .entry-header --><div class=\"sc_blogger_item_excerpt\">\n\t\t\t\t<div class=\"sc_blogger_item_excerpt_text\">\n\t\t\t\t\t<p>Deux repr\u00e9sentants du personnel \u00e9t\u00e9 assign\u00e9s en justice, lundi, \u00e0 la demande de la direction de l&rsquo;entreprise qui souhaitait leur expulsion ainsi que celles des gr\u00e9vistes. Ils \u00e9taient nombreux (salari\u00e9s gr\u00e9vistes, repr\u00e9sentants des syndicats, familles, amis, \u00e9lus) \u00e0 venir soutenir les deux repr\u00e9sentants des salari\u00e9s&hellip;<\/p>\n\t\t\t\t<\/div>\n\t\t\t\t<div class=\"sc_blogger_item_button sc_item_button\"><a href=\"https:\/\/lepasteur-avocats.fr\/?p=79\" class=\"sc_button sc_button_simple\">Read more<\/a><\/div><\/div><!-- .sc_blogger_item_excerpt --><\/div><!-- .entry-content --><\/div><!-- .sc_blogger_item --><\/div><\/div><a href=\"http:\/\/lepasteur-ahttp:\/\/lepasteur-avocats.fr\/?page_id=112\" id=\"sc_button_746254034\" class=\"sc_button sc_button_default3 sc_button_size_normal sc_button_icon_left\"><span class=\"sc_button_text\"><span class=\"sc_button_title\">Voir tous les articles<\/span><\/span><!-- \/.sc_button_text --><\/a><!-- \/.sc_button --><\/div><!-- \/.sc_blogger -->[vc_empty_space height=\u00a0\u00bb1.1em\u00a0\u00bb alter_height=\u00a0\u00bblarge\u00a0\u00bb hide_on_mobile=\u00a0\u00bb1&Prime;][vc_empty_space height=\u00a0\u00bb3em\u00a0\u00bb alter_height=\u00a0\u00bbnone\u00a0\u00bb hide_on_mobile=\u00a0\u00bb\u00a0\u00bb][vc_empty_space height=\u00a0\u00bb1.9em\u00a0\u00bb alter_height=\u00a0\u00bbnone\u00a0\u00bb hide_on_mobile=\u00a0\u00bb1&Prime;][\/vc_column][\/vc_row][vc_row full_width=\u00a0\u00bbstretch_row\u00a0\u00bb equal_height=\u00a0\u00bbyes\u00a0\u00bb css=\u00a0\u00bb.vc_custom_1491464265229{background-color: #fafafa !important;}\u00a0\u00bb][vc_column width=\u00a0\u00bb1\/2&Prime; css=\u00a0\u00bb.vc_custom_1640008975621{background-image: url(http:\/\/lepasteur-avocats.fr\/wp-content\/uploads\/2021\/12\/Mail.jpg?id=990) !important;background-position: center !important;background-repeat: no-repeat !important;background-size: cover !important;}\u00a0\u00bb][vc_empty_space height=\u00a0\u00bb27em\u00a0\u00bb alter_height=\u00a0\u00bbnone\u00a0\u00bb hide_on_mobile=\u00a0\u00bb\u00a0\u00bb][\/vc_column][vc_column width=\u00a0\u00bb1\/2&Prime;][vc_empty_space height=\u00a0\u00bb3em\u00a0\u00bb alter_height=\u00a0\u00bbbig\u00a0\u00bb hide_on_mobile=\u00a0\u00bb1,2&Prime;][vc_empty_space height=\u00a0\u00bb1em\u00a0\u00bb alter_height=\u00a0\u00bbnone\u00a0\u00bb hide_on_mobile=\u00a0\u00bb1&Prime;][vc_empty_space height=\u00a0\u00bb3em\u00a0\u00bb alter_height=\u00a0\u00bbnone\u00a0\u00bb hide_on_mobile=\u00a0\u00bb\u00a0\u00bb]<div id=\"sc_title_791816912\"\r\n\t\tclass=\"sc_title sc_title_custom_image  vc_custom_1689606704424\"><h1 class=\"sc_item_title sc_title_title sc_align_left sc_item_title_style_custom_image sc_item_title_tag\">Ecrivez-nous<\/h1><div class=\"sc_item_descr sc_title_descr sc_align_left\"><p>Nous ferons notre possible pour vous contacter dans les meilleurs d\u00e9lais.<\/p>\n<\/div><\/div><!-- \/.sc_title --><div role=\"form\" class=\"wpcf7\" id=\"wpcf7-f809-o1\" lang=\"en-US\" dir=\"ltr\">\n<div class=\"screen-reader-response\"><p role=\"status\" aria-live=\"polite\" aria-atomic=\"true\"><\/p> <ul><\/ul><\/div>\n<form action=\"\/index.php?rest_route=%2Fwp%2Fv2%2Fpages%2F257#wpcf7-f809-o1\" method=\"post\" class=\"wpcf7-form init\" novalidate=\"novalidate\" data-status=\"init\">\n<div style=\"display: none;\">\n<input type=\"hidden\" name=\"_wpcf7\" value=\"809\" \/>\n<input type=\"hidden\" name=\"_wpcf7_version\" value=\"5.5.3\" \/>\n<input type=\"hidden\" name=\"_wpcf7_locale\" value=\"en_US\" \/>\n<input type=\"hidden\" name=\"_wpcf7_unit_tag\" value=\"wpcf7-f809-o1\" \/>\n<input type=\"hidden\" name=\"_wpcf7_container_post\" value=\"0\" \/>\n<input type=\"hidden\" name=\"_wpcf7_posted_data_hash\" value=\"\" \/>\n<\/div>\n<div class=\"contact_form_button_center\">\n<div class=\"sc_contact_form_info\">\n<p><span class=\"wpcf7-form-control-wrap text-962\"><input type=\"text\" name=\"text-962\" value=\"\" size=\"40\" class=\"wpcf7-form-control wpcf7-text wpcf7-validates-as-required\" aria-required=\"true\" aria-invalid=\"false\" placeholder=\"Nom\" \/><\/span><span class=\"wpcf7-form-control-wrap text-899\"><input type=\"text\" name=\"text-899\" value=\"\" size=\"40\" class=\"wpcf7-form-control wpcf7-text\" aria-invalid=\"false\" placeholder=\"Objet\" \/><\/span><\/p>\n<p><span class=\"wpcf7-form-control-wrap tel-628\"><input type=\"tel\" name=\"tel-628\" value=\"\" size=\"40\" class=\"wpcf7-form-control wpcf7-text wpcf7-tel wpcf7-validates-as-required wpcf7-validates-as-tel\" aria-required=\"true\" aria-invalid=\"false\" placeholder=\"Num\u00e9ro de t\u00e9l\u00e9phone\" \/><\/span><span class=\"wpcf7-form-control-wrap email-910\"><input type=\"email\" name=\"email-910\" value=\"\" size=\"40\" class=\"wpcf7-form-control wpcf7-text wpcf7-email wpcf7-validates-as-required wpcf7-validates-as-email\" aria-required=\"true\" aria-invalid=\"false\" placeholder=\"E-mail\" \/><\/span><\/p>\n<\/div>\n<p><span class=\"wpcf7-form-control-wrap textarea-335\"><textarea name=\"textarea-335\" cols=\"40\" rows=\"10\" class=\"wpcf7-form-control wpcf7-textarea wpcf7-validates-as-required\" aria-required=\"true\" aria-invalid=\"false\" placeholder=\"Message\"><\/textarea><\/span><\/p>\n<p><span class=\"wpcf7-form-control-wrap acceptance-985\"><span class=\"wpcf7-form-control wpcf7-acceptance\"><span class=\"wpcf7-list-item\"><label><input type=\"checkbox\" name=\"acceptance-985\" value=\"1\" aria-invalid=\"false\" \/><span class=\"wpcf7-list-item-label\">J'accepte que mes coordonn\u00e9es fassent l'objet d'un traitement de donn\u00e9es. Nous vous garantissons sa confidentialit\u00e9.<\/span><\/label><\/span><\/span><\/span><\/p>\n<div class=\"button_wrap\">\n<input type=\"submit\" value=\"Envoyer le message\" class=\"wpcf7-form-control has-spinner wpcf7-submit\" \/>\n<\/div>\n<\/div>\n<p style=\"display: none !important;\"><label>&#916;<textarea name=\"_wpcf7_ak_hp_textarea\" cols=\"45\" rows=\"8\" maxlength=\"100\"><\/textarea><\/label><input type=\"hidden\" id=\"ak_js\" name=\"_wpcf7_ak_js\" value=\"110\"\/><script>document.getElementById( \"ak_js\" ).setAttribute( \"value\", ( new Date() ).getTime() );<\/script><\/p><div class=\"wpcf7-response-output\" aria-hidden=\"true\"><\/div><\/form><\/div>[vc_empty_space height=\u00a0\u00bb5em\u00a0\u00bb alter_height=\u00a0\u00bbnone\u00a0\u00bb hide_on_mobile=\u00a0\u00bb1,2&Prime;][vc_empty_space height=\u00a0\u00bb3em\u00a0\u00bb alter_height=\u00a0\u00bbnone\u00a0\u00bb hide_on_mobile=\u00a0\u00bb\u00a0\u00bb][\/vc_column][\/vc_row][vc_row][vc_column][vc_column_text]<span style=\"color: #ffffff;\">Mots-clefs : avocat argentan, avocats argentan, avocat falaise, avocats falaise, avocat caen, avocats caen, avocat alen\u00e7on, avocats alen\u00e7on, avocat normandie, avocat orne, avocat calvados, avocat divorce, avocat responsabilit\u00e9, le pasteur avocat, le pasteur avocats, lepasteur avocat, avocat droit de la famille, avocat droit commercial, avocat droit du travail, avocat licenciement, avocat droit rural<img loading=\"lazy\" decoding=\"async\" class=\"alignnone size-medium wp-image-1181\" src=\"http:\/\/lepasteur-avocats.fr\/wp-content\/uploads\/2025\/09\/Signature-Mail-cabinet-300x94.jpg\" alt=\"\" width=\"300\" height=\"94\" srcset=\"https:\/\/lepasteur-avocats.fr\/wp-content\/uploads\/2025\/09\/Signature-Mail-cabinet-300x94.jpg 300w, https:\/\/lepasteur-avocats.fr\/wp-content\/uploads\/2025\/09\/Signature-Mail-cabinet-370x115.jpg 370w, https:\/\/lepasteur-avocats.fr\/wp-content\/uploads\/2025\/09\/Signature-Mail-cabinet.jpg 596w\" sizes=\"auto, (max-width: 300px) 100vw, 300px\" \/><\/span>[\/vc_column_text][\/vc_column][\/vc_row]<\/p>\n","protected":false},"excerpt":{"rendered":"<p>[vc_row][vc_column][rev_slider_vc alias=\u00a0\u00bbhome1&Prime;][vc_empty_space height=\u00a0\u00bb3em\u00a0\u00bb alter_height=\u00a0\u00bbnone\u00a0\u00bb hide_on_mobile=\u00a0\u00bb2&Prime;][vc_empty_space height=\u00a0\u00bb3em\u00a0\u00bb alter_height=\u00a0\u00bbnone\u00a0\u00bb hide_on_mobile=\u00a0\u00bb2&Prime;][vc_empty_space height=\u00a0\u00bb3em\u00a0\u00bb alter_height=\u00a0\u00bbnone\u00a0\u00bb hide_on_mobile=\u00a0\u00bb2&Prime;][\/vc_column][\/vc_row][vc_row full_width=\u00a0\u00bbstretch_row_content_no_spaces\u00a0\u00bb][vc_column][\/vc_column][\/vc_row][vc_row][vc_column][vc_empty_space height=\u00a0\u00bb3em\u00a0\u00bb alter_height=\u00a0\u00bbnone\u00a0\u00bb hide_on_mobile=\u00a0\u00bb\u00a0\u00bb][vc_empty_space height=\u00a0\u00bb1.3em\u00a0\u00bb alter_height=\u00a0\u00bbnone\u00a0\u00bb hide_on_mobile=\u00a0\u00bb\u00a0\u00bb][vc_empty_space height=\u00a0\u00bb1.1em\u00a0\u00bb alter_height=\u00a0\u00bblarge\u00a0\u00bb hide_on_mobile=\u00a0\u00bb1&Prime;][\/vc_column][\/vc_row][vc_row][vc_column][\/vc_column][\/vc_row][vc_row][vc_column][vc_empty_space height=\u00a0\u00bb3em\u00a0\u00bb alter_height=\u00a0\u00bbnone\u00a0\u00bb hide_on_mobile=\u00a0\u00bb\u00a0\u00bb][vc_empty_space height=\u00a0\u00bb2.3em\u00a0\u00bb alter_height=\u00a0\u00bbnone\u00a0\u00bb hide_on_mobile=\u00a0\u00bb\u00a0\u00bb][vc_empty_space height=\u00a0\u00bb3em\u00a0\u00bb alter_height=\u00a0\u00bbnone\u00a0\u00bb hide_on_mobile=\u00a0\u00bb\u00a0\u00bb][\/vc_column][\/vc_row][vc_row full_width=\u00a0\u00bbstretch_row_content_no_spaces\u00a0\u00bb][vc_column][\/vc_column][\/vc_row][vc_row full_width=\u00a0\u00bbstretch_row\u00a0\u00bb css=\u00a0\u00bb.vc_custom_1488115360099{background-color: #fafafa !important;}\u00a0\u00bb][vc_column][vc_empty_space height=\u00a0\u00bb1.1em\u00a0\u00bb alter_height=\u00a0\u00bblarge\u00a0\u00bb hide_on_mobile=\u00a0\u00bb1&Prime;][vc_empty_space height=\u00a0\u00bb1.1em\u00a0\u00bb alter_height=\u00a0\u00bbnone\u00a0\u00bb hide_on_mobile=\u00a0\u00bb1&Prime;][vc_empty_space height=\u00a0\u00bb3em\u00a0\u00bb alter_height=\u00a0\u00bbnone\u00a0\u00bb hide_on_mobile=\u00a0\u00bb\u00a0\u00bb][vc_empty_space height=\u00a0\u00bb1.1em\u00a0\u00bb&hellip;<\/p>\n","protected":false},"author":1,"featured_media":0,"parent":0,"menu_order":0,"comment_status":"closed","ping_status":"closed","template":"","meta":{"footnotes":""},"class_list":["post-257","page","type-page","status-publish","hentry"],"_links":{"self":[{"href":"https:\/\/lepasteur-avocats.fr\/index.php?rest_route=\/wp\/v2\/pages\/257","targetHints":{"allow":["GET"]}}],"collection":[{"href":"https:\/\/lepasteur-avocats.fr\/index.php?rest_route=\/wp\/v2\/pages"}],"about":[{"href":"https:\/\/lepasteur-avocats.fr\/index.php?rest_route=\/wp\/v2\/types\/page"}],"author":[{"embeddable":true,"href":"https:\/\/lepasteur-avocats.fr\/index.php?rest_route=\/wp\/v2\/users\/1"}],"replies":[{"embeddable":true,"href":"https:\/\/lepasteur-avocats.fr\/index.php?rest_route=%2Fwp%2Fv2%2Fcomments&post=257"}],"version-history":[{"count":46,"href":"https:\/\/lepasteur-avocats.fr\/index.php?rest_route=\/wp\/v2\/pages\/257\/revisions"}],"predecessor-version":[{"id":1182,"href":"https:\/\/lepasteur-avocats.fr\/index.php?rest_route=\/wp\/v2\/pages\/257\/revisions\/1182"}],"wp:attachment":[{"href":"https:\/\/lepasteur-avocats.fr\/index.php?rest_route=%2Fwp%2Fv2%2Fmedia&parent=257"}],"curies":[{"name":"wp","href":"https:\/\/api.w.org\/{rel}","templated":true}]}}